{"id":2565,"date":"2019-02-27T07:28:49","date_gmt":"2019-02-27T06:28:49","guid":{"rendered":"https:\/\/foodtech.ac\/faq\/"},"modified":"2024-04-08T16:40:05","modified_gmt":"2024-04-08T14:40:05","slug":"faq","status":"publish","type":"page","link":"https:\/\/foodtech.ac\/pl\/faq\/","title":{"rendered":"FAQ"},"content":{"rendered":"\t\t<div data-elementor-type=\"wp-post\" data-elementor-id=\"2565\" class=\"elementor elementor-2565 elementor-528\">\n\t\t\t\t\t\t<section class=\"elementor-section elementor-top-section elementor-element elementor-element-f03814c elementor-section-boxed elementor-section-height-default elementor-section-height-default\" data-id=\"f03814c\" data-element_type=\"section\" data-e-type=\"section\" data-settings=\"{&quot;background_background&quot;:&quot;classic&quot;}\">\n\t\t\t\t\t\t\t<div class=\"elementor-background-overlay\"><\/div>\n\t\t\t\t\t\t\t<div class=\"elementor-container elementor-column-gap-default\">\n\t\t\t\t\t<div class=\"elementor-column elementor-col-100 elementor-top-column elementor-element elementor-element-60f2ae8\" data-id=\"60f2ae8\" data-element_type=\"column\" data-e-type=\"column\">\n\t\t\t<div class=\"elementor-widget-wrap elementor-element-populated\">\n\t\t\t\t\t\t<div class=\"elementor-element elementor-element-47931da elementor-widget elementor-widget-heading\" data-id=\"47931da\" data-element_type=\"widget\" data-e-type=\"widget\" data-widget_type=\"heading.default\">\n\t\t\t\t<div class=\"elementor-widget-container\">\n\t\t\t\t\t<h1 class=\"elementor-heading-title elementor-size-default\">FAQ - Najcz\u0119\u015bciej zadawane pytania<\/h1>\t\t\t\t<\/div>\n\t\t\t\t<\/div>\n\t\t\t\t\t<\/div>\n\t\t<\/div>\n\t\t\t\t\t<\/div>\n\t\t<\/section>\n\t\t\t\t<section class=\"elementor-section elementor-top-section elementor-element elementor-element-4c8df965 elementor-section-content-middle elementor-section-boxed elementor-section-height-default elementor-section-height-default\" data-id=\"4c8df965\" data-element_type=\"section\" data-e-type=\"section\">\n\t\t\t\t\t\t<div class=\"elementor-container elementor-column-gap-default\">\n\t\t\t\t\t<div class=\"elementor-column elementor-col-100 elementor-top-column elementor-element elementor-element-59df200e\" data-id=\"59df200e\" data-element_type=\"column\" data-e-type=\"column\">\n\t\t\t<div class=\"elementor-widget-wrap elementor-element-populated\">\n\t\t\t\t\t\t<section class=\"elementor-section elementor-inner-section elementor-element elementor-element-44186881 elementor-section-full_width elementor-section-height-default elementor-section-height-default\" data-id=\"44186881\" data-element_type=\"section\" data-e-type=\"section\">\n\t\t\t\t\t\t<div class=\"elementor-container elementor-column-gap-default\">\n\t\t\t\t\t<div class=\"elementor-column elementor-col-100 elementor-inner-column elementor-element elementor-element-5ac0b11f\" data-id=\"5ac0b11f\" data-element_type=\"column\" data-e-type=\"column\">\n\t\t\t<div class=\"elementor-widget-wrap elementor-element-populated\">\n\t\t\t\t\t\t<div class=\"elementor-element elementor-element-9042104 elementor-widget elementor-widget-heading\" data-id=\"9042104\" data-element_type=\"widget\" data-e-type=\"widget\" data-widget_type=\"heading.default\">\n\t\t\t\t<div class=\"elementor-widget-container\">\n\t\t\t\t\t<h2 class=\"elementor-heading-title elementor-size-default\">Dla kogo jest Wasz program akceleracyjny?<\/h2>\t\t\t\t<\/div>\n\t\t\t\t<\/div>\n\t\t\t\t<div class=\"elementor-element elementor-element-33ddeb2 elementor-widget elementor-widget-text-editor\" data-id=\"33ddeb2\" data-element_type=\"widget\" data-e-type=\"widget\" data-widget_type=\"text-editor.default\">\n\t\t\t\t<div class=\"elementor-widget-container\">\n\t\t\t\t\t\t\t\t\t<p>Nasz program kierujemy do os\u00f3b, kt\u00f3rych ambicj\u0105 jest kszta\u0142towanie przysz\u0142o\u015bci technologii spo\u017cywczych w regionie Europy \u015arodkowo-Wschodniej. Skorzystaj\u0105 z niego zar\u00f3wno osoby indywidualne, startupy, przedsi\u0119biorcy, jak i korporacyjni wyjadacze. To naszpikowany wiedz\u0105 kurs na foodowego innowatora, niezale\u017cnie od rozmiaru organizacji. Opr\u00f3cz najnowszej wiedzy z bran\u017cy, uczestnicy maj\u0105 szans\u0119 pozna\u0107 u nas ludzi, kt\u00f3rzy stworzyli najwi\u0119ksze biznesy spo\u017cywcze w regionie.<\/p>\n\t\t\t\t\t\t\t\t<\/div>\n\t\t\t\t<\/div>\n\t\t\t\t\t<\/div>\n\t\t<\/div>\n\t\t\t\t\t<\/div>\n\t\t<\/section>\n\t\t\t\t<section class=\"elementor-section elementor-inner-section elementor-element elementor-element-4f33e55 elementor-section-full_width elementor-section-height-default elementor-section-height-default\" data-id=\"4f33e55\" data-element_type=\"section\" data-e-type=\"section\">\n\t\t\t\t\t\t<div class=\"elementor-container elementor-column-gap-default\">\n\t\t\t\t\t<div class=\"elementor-column elementor-col-100 elementor-inner-column elementor-element elementor-element-8582271\" data-id=\"8582271\" data-element_type=\"column\" data-e-type=\"column\">\n\t\t\t<div class=\"elementor-widget-wrap elementor-element-populated\">\n\t\t\t\t\t\t<div class=\"elementor-element elementor-element-0611799 elementor-widget elementor-widget-heading\" data-id=\"0611799\" data-element_type=\"widget\" data-e-type=\"widget\" data-widget_type=\"heading.default\">\n\t\t\t\t<div class=\"elementor-widget-container\">\n\t\t\t\t\t<h2 class=\"elementor-heading-title elementor-size-default\">Na jakim etapie startup\u00f3w szukacie?<\/h2>\t\t\t\t<\/div>\n\t\t\t\t<\/div>\n\t\t\t\t<div class=\"elementor-element elementor-element-5014f7e elementor-widget elementor-widget-text-editor\" data-id=\"5014f7e\" data-element_type=\"widget\" data-e-type=\"widget\" data-widget_type=\"text-editor.default\">\n\t\t\t\t<div class=\"elementor-widget-container\">\n\t\t\t\t\t\t\t\t\t<p>Najefektywniej wspieramy projekty, kt\u00f3re znajduj\u0105 si\u0119 przynajmniej w fazie prototypu produktu \/ us\u0142ugi, gotowych do testowego wdro\u017cenia na rynku. Je\u015bli jednak masz sam pomys\u0142 \u2013 tak\u017ce zach\u0119camy do z\u0142o\u017cenia aplikacji. Zapoznamy si\u0119 ze zg\u0142oszeniem, um\u00f3wimy si\u0119 na spotkanie i zobaczymy, jak mo\u017cemy pom\u00f3c Ci postawi\u0107 pierwsze kroki w budowaniu w\u0142asnego biznesu. Nawet je\u015bli jest dla Ciebie za wcze\u015bnie na program akceleracyjny, istnieje du\u017ca szansa, \u017ce zaprosimy Ci\u0119 na weekendowy Kick-off lub polecimy inny program, kt\u00f3ry b\u0119dzie dla Ciebie odpowiedni na tym etapie rozwoju.<\/p>\n\t\t\t\t\t\t\t\t<\/div>\n\t\t\t\t<\/div>\n\t\t\t\t\t<\/div>\n\t\t<\/div>\n\t\t\t\t\t<\/div>\n\t\t<\/section>\n\t\t\t\t<section class=\"elementor-section elementor-inner-section elementor-element elementor-element-b2f783d elementor-section-full_width elementor-section-height-default elementor-section-height-default\" data-id=\"b2f783d\" data-element_type=\"section\" data-e-type=\"section\">\n\t\t\t\t\t\t<div class=\"elementor-container elementor-column-gap-default\">\n\t\t\t\t\t<div class=\"elementor-column elementor-col-100 elementor-inner-column elementor-element elementor-element-c47406d\" data-id=\"c47406d\" data-element_type=\"column\" data-e-type=\"column\">\n\t\t\t<div class=\"elementor-widget-wrap elementor-element-populated\">\n\t\t\t\t\t\t<div class=\"elementor-element elementor-element-6a4a683 elementor-widget elementor-widget-heading\" data-id=\"6a4a683\" data-element_type=\"widget\" data-e-type=\"widget\" data-widget_type=\"heading.default\">\n\t\t\t\t<div class=\"elementor-widget-container\">\n\t\t\t\t\t<h2 class=\"elementor-heading-title elementor-size-default\">Nie mam swojego biznesu, startupu, pomys\u0142u. Czy mog\u0119 aplikowa\u0107?<\/h2>\t\t\t\t<\/div>\n\t\t\t\t<\/div>\n\t\t\t\t<div class=\"elementor-element elementor-element-6ba8f38 elementor-widget elementor-widget-text-editor\" data-id=\"6ba8f38\" data-element_type=\"widget\" data-e-type=\"widget\" data-widget_type=\"text-editor.default\">\n\t\t\t\t<div class=\"elementor-widget-container\">\n\t\t\t\t\t\t\t\t\t<p>Jak najbardziej! Za\u0142o\u017ceniem naszego programu jest \u0142\u0105czenie ludzi i kompetencji z wielu dziedzin. Je\u015bli jeste\u015b pracownikiem lub mened\u017cerem w wi\u0119kszej organizacji, nasz program nauczy Ci\u0119 jak efektywniej wdra\u017ca\u0107 i pobudza\u0107 w niej innowacje. Nowe technologie, procesy i produkty rozwija\u0107 mo\u017cna tak\u017ce w du\u017cych firmach. Nie ka\u017cdy zainteresowany technologi\u0105 musi te\u017c od razu budowa\u0107 w\u0142asny biznes. Mo\u017ce po prostu do\u0142\u0105czysz do jakiego\u015b zespo\u0142u jako pracownik \/ wsp\u00f3lnik i wniesiesz tam swoje kompetencje? Takie rzeczy zdarzaj\u0105 si\u0119 w naszych programach ca\u0142y czas.<\/p>\n\t\t\t\t\t\t\t\t<\/div>\n\t\t\t\t<\/div>\n\t\t\t\t\t<\/div>\n\t\t<\/div>\n\t\t\t\t\t<\/div>\n\t\t<\/section>\n\t\t\t\t<section class=\"elementor-section elementor-inner-section elementor-element elementor-element-6e52cb4 elementor-section-full_width elementor-section-height-default elementor-section-height-default\" data-id=\"6e52cb4\" data-element_type=\"section\" data-e-type=\"section\">\n\t\t\t\t\t\t<div class=\"elementor-container elementor-column-gap-default\">\n\t\t\t\t\t<div class=\"elementor-column elementor-col-100 elementor-inner-column elementor-element elementor-element-efc7fa4\" data-id=\"efc7fa4\" data-element_type=\"column\" data-e-type=\"column\">\n\t\t\t<div class=\"elementor-widget-wrap elementor-element-populated\">\n\t\t\t\t\t\t<div class=\"elementor-element elementor-element-688ffbd elementor-widget elementor-widget-heading\" data-id=\"688ffbd\" data-element_type=\"widget\" data-e-type=\"widget\" data-widget_type=\"heading.default\">\n\t\t\t\t<div class=\"elementor-widget-container\">\n\t\t\t\t\t<h2 class=\"elementor-heading-title elementor-size-default\">Nie jestem z bran\u017cy spo\u017cywczej. Czy mog\u0119 aplikowa\u0107?<\/h2>\t\t\t\t<\/div>\n\t\t\t\t<\/div>\n\t\t\t\t<div class=\"elementor-element elementor-element-677265c elementor-widget elementor-widget-text-editor\" data-id=\"677265c\" data-element_type=\"widget\" data-e-type=\"widget\" data-widget_type=\"text-editor.default\">\n\t\t\t\t<div class=\"elementor-widget-container\">\n\t\t\t\t\t\t\t\t\t<p>Powiedzmy sobie wprost \u2013 nie musisz by\u0107 z bran\u017cy spo\u017cywczej, \u017ceby zacz\u0105\u0107 si\u0119 ni\u0105 interesowa\u0107. Ka\u017cdy innowator gdzie\u015b zaczyna\u0142. Tak, szukamy technologii, kt\u00f3re zmieni\u0105 zasady gry w bran\u017cy spo\u017cywczej, nie oznacza to jednak, \u017ce do ich tworzenia potrzebni s\u0105 sami technolodzy. Nasz program pozwoli Ci rozwin\u0105\u0107 nie tylko twarde kompetencje technologiczne, sprzeda\u017cowe czy marketingowe, ale nauczy Ci\u0119 te\u017c budowania innowacyjnych zespo\u0142\u00f3w, zarz\u0105dzania nimi czy nawet tego jak zrekrutowa\u0107 w\u0142a\u015bciw\u0105 osob\u0119, kiedy masz ograniczone zasoby.<\/p>\n\t\t\t\t\t\t\t\t<\/div>\n\t\t\t\t<\/div>\n\t\t\t\t\t<\/div>\n\t\t<\/div>\n\t\t\t\t\t<\/div>\n\t\t<\/section>\n\t\t\t\t<section class=\"elementor-section elementor-inner-section elementor-element elementor-element-475a058 elementor-section-full_width elementor-section-height-default elementor-section-height-default\" data-id=\"475a058\" data-element_type=\"section\" data-e-type=\"section\">\n\t\t\t\t\t\t<div class=\"elementor-container elementor-column-gap-default\">\n\t\t\t\t\t<div class=\"elementor-column elementor-col-100 elementor-inner-column elementor-element elementor-element-164d3b6\" data-id=\"164d3b6\" data-element_type=\"column\" data-e-type=\"column\">\n\t\t\t<div class=\"elementor-widget-wrap elementor-element-populated\">\n\t\t\t\t\t\t<div class=\"elementor-element elementor-element-1356a48 elementor-widget elementor-widget-heading\" data-id=\"1356a48\" data-element_type=\"widget\" data-e-type=\"widget\" data-widget_type=\"heading.default\">\n\t\t\t\t<div class=\"elementor-widget-container\">\n\t\t\t\t\t<h2 class=\"elementor-heading-title elementor-size-default\">Ile b\u0119dzie trwa\u0142 program? Kiedy b\u0119d\u0105 odbywa\u0107 si\u0119 zaj\u0119cia?<\/h2>\t\t\t\t<\/div>\n\t\t\t\t<\/div>\n\t\t\t\t<div class=\"elementor-element elementor-element-3892087 elementor-widget elementor-widget-text-editor\" data-id=\"3892087\" data-element_type=\"widget\" data-e-type=\"widget\" data-widget_type=\"text-editor.default\">\n\t\t\t\t<div class=\"elementor-widget-container\">\n\t\t\t\t\t\t\t\t\t<p>Program rozpoczynamy od energetycznego wprowadzenia do \u015bwiata foodtechu w formie dwudniowego, weekendowego (pi\u0105tkowy wiecz\u00f3r i ca\u0142a sobota, 12-13 kwietnia 2024) spotkania offline w Warszawie tzw. Kick-off. W trakcie tych dw\u00f3ch dni b\u0119dziemy chcieli lepiej pozna\u0107 Was, Wasze projekty, wyzwania z kt\u00f3rymi si\u0119 mierzycie czy obszary, w kt\u00f3rych chcecie si\u0119 rozwija\u0107. Ponadto dostarczymy Wam troch\u0119 wiedzy, zobaczymy, jak pracujecie i postawimy przed Wami pierwsze wyzwania. Weekendowy Kick-off to tak\u017ce \u015bwietna okazja do tego, \u017ceby wsp\u00f3lnie przekona\u0107 si\u0119 i ostatecznie zadecydowa\u0107, czy program akceleracyjny jest dla Ciebie.<\/p>\n<p>Nast\u0119pnie startujemy z 8 tygodniami intensywnej pracy, podczas kt\u00f3rych odb\u0119dzie si\u0119 10 warsztat\u00f3w online prowadzonych przez naszych najlepszych ekspert\u00f3w bran\u017cowych. Ka\u017cdy z tych warsztat\u00f3w potrwa oko\u0142o 4 godzin.<\/p>\n<p>Warsztaty przeplata\u0107 b\u0119dziemy networkingowymi spotkaniami offline przy dobrym jedzeniu w ciekawych miejscach w Warszawie.<\/p>\n<p>Program akceleracyjny ko\u0144czy si\u0119 Demo Day\u2019em (\u015broda, 19 czerwca 2024). To pe\u0142ne networkingu i wiedzy wieczorne wydarzenie offline w Warszawie, zwane r\u00f3wnie\u017c &#8222;\u015bwi\u0119tem polskiego foodtechu&#8221;, podczas kt\u00f3rego uczestnicy programu zaprezentuj\u0105 swoje projekty szerszej publiczno\u015bci.<\/p>\n<p>Nasza wsp\u00f3\u0142praca nie ko\u0144czy si\u0119 jednak wraz z Demo Dayem. Misj\u0105 akceleratora jest transformacja bran\u017cy spo\u017cywczej i traktujemy to wyzwanie d\u0142ugoterminowo. Po uko\u0144czeniu programu staniesz si\u0119 cz\u0142onkiem naszej spo\u0142eczno\u015bci, kt\u00f3ra regularnie si\u0119 spotyka oraz praktycznie codziennie wymienia si\u0119 wiedz\u0105 i kontaktami.<\/p>\t\t\t\t\t\t\t\t<\/div>\n\t\t\t\t<\/div>\n\t\t\t\t\t<\/div>\n\t\t<\/div>\n\t\t\t\t\t<\/div>\n\t\t<\/section>\n\t\t\t\t<section class=\"elementor-section elementor-inner-section elementor-element elementor-element-5085679 elementor-section-full_width elementor-section-height-default elementor-section-height-default\" data-id=\"5085679\" data-element_type=\"section\" data-e-type=\"section\">\n\t\t\t\t\t\t<div class=\"elementor-container elementor-column-gap-default\">\n\t\t\t\t\t<div class=\"elementor-column elementor-col-100 elementor-inner-column elementor-element elementor-element-7547390\" data-id=\"7547390\" data-element_type=\"column\" data-e-type=\"column\">\n\t\t\t<div class=\"elementor-widget-wrap elementor-element-populated\">\n\t\t\t\t\t\t<div class=\"elementor-element elementor-element-d95877f elementor-widget elementor-widget-heading\" data-id=\"d95877f\" data-element_type=\"widget\" data-e-type=\"widget\" data-widget_type=\"heading.default\">\n\t\t\t\t<div class=\"elementor-widget-container\">\n\t\t\t\t\t<h2 class=\"elementor-heading-title elementor-size-default\">Jak mam pogodzi\u0107 program z moj\u0105 prac\u0105?<\/h2>\t\t\t\t<\/div>\n\t\t\t\t<\/div>\n\t\t\t\t<div class=\"elementor-element elementor-element-f943e2a elementor-widget elementor-widget-text-editor\" data-id=\"f943e2a\" data-element_type=\"widget\" data-e-type=\"widget\" data-widget_type=\"text-editor.default\">\n\t\t\t\t<div class=\"elementor-widget-container\">\n\t\t\t\t\t\t\t\t\t<p>Potrzebujemy Twojego zaanga\u017cowania. Sam udzia\u0142 w warsztatach b\u0119dzie wymaga\u0142 od Ciebie kilku godzin wolnych od pracy w ka\u017cdym tygodniu akceleracji. Na pocz\u0105tku akceleracji dostaniesz od nas szczeg\u00f3\u0142owy harmonogram, \u017ceby wszystko sobie dobrze rozplanowa\u0107.<\/p>\n<p>Je\u015bli przychodzisz do nas rozwija\u0107 swoje kompetencje, ale nie budujesz jeszcze \u017cadnego startupu, nie rozwijasz konkretnego projektu, z pewno\u015bci\u0105 bez problemu pogodzisz program z prac\u0105.<\/p>\n<p>Je\u015bli jednak przychodzisz do nas po to, \u017ceby rozwija\u0107 sw\u00f3j startup, miej na uwadze, \u017ce Tw\u00f3j udzia\u0142 i praca nad projektem nie mo\u017ce si\u0119 ogranicza\u0107 tylko do tych dni. Potrzebujesz czasu na prac\u0119 samodzieln\u0105 lub z Twoim zespo\u0142em, spotkania z mentorami i potencjalnymi klientami, przygotowywanie materia\u0142\u00f3w oraz wszystko co wi\u0105\u017ce si\u0119 z budowaniem biznesu. Decyzja czy pogodzisz to z regularn\u0105 prac\u0105 (np. manewruj\u0105c z urlopami) nale\u017cy do Ciebie, my jednak zach\u0119camy do zorganizowania sobie jak najwi\u0119kszej przestrzeni czasowej.<\/p>\n\t\t\t\t\t\t\t\t<\/div>\n\t\t\t\t<\/div>\n\t\t\t\t\t<\/div>\n\t\t<\/div>\n\t\t\t\t\t<\/div>\n\t\t<\/section>\n\t\t\t\t<section class=\"elementor-section elementor-inner-section elementor-element elementor-element-1fd4574 elementor-section-full_width elementor-section-height-default elementor-section-height-default\" data-id=\"1fd4574\" data-element_type=\"section\" data-e-type=\"section\">\n\t\t\t\t\t\t<div class=\"elementor-container elementor-column-gap-default\">\n\t\t\t\t\t<div class=\"elementor-column elementor-col-100 elementor-inner-column elementor-element elementor-element-5873820\" data-id=\"5873820\" data-element_type=\"column\" data-e-type=\"column\">\n\t\t\t<div class=\"elementor-widget-wrap elementor-element-populated\">\n\t\t\t\t\t\t<div class=\"elementor-element elementor-element-29b474d elementor-widget elementor-widget-heading\" data-id=\"29b474d\" data-element_type=\"widget\" data-e-type=\"widget\" data-widget_type=\"heading.default\">\n\t\t\t\t<div class=\"elementor-widget-container\">\n\t\t\t\t\t<h2 class=\"elementor-heading-title elementor-size-default\">W jakim j\u0119zyku prowadzony jest program?<\/h2>\t\t\t\t<\/div>\n\t\t\t\t<\/div>\n\t\t\t\t<div class=\"elementor-element elementor-element-6735962 elementor-widget elementor-widget-text-editor\" data-id=\"6735962\" data-element_type=\"widget\" data-e-type=\"widget\" data-widget_type=\"text-editor.default\">\n\t\t\t\t<div class=\"elementor-widget-container\">\n\t\t\t\t\t\t\t\t\t<p>Je\u015bli w danej edycji mamy tylko uczestnik\u00f3w polskoj\u0119zycznych, to program realizujemy po Polsku. Je\u015bli jednak zbierze nam si\u0119 ekipa o wi\u0119kszej r\u00f3\u017cnorodno\u015bci j\u0119zykowej, to zaj\u0119cia prowadzone s\u0105 po angielsku. Niezale\u017cnie od wszystkiego \u2013 Demo Day jest w ca\u0142o\u015bci wydarzeniem angloj\u0119zycznym.<\/p>\n\t\t\t\t\t\t\t\t<\/div>\n\t\t\t\t<\/div>\n\t\t\t\t\t<\/div>\n\t\t<\/div>\n\t\t\t\t\t<\/div>\n\t\t<\/section>\n\t\t\t\t<section class=\"elementor-section elementor-inner-section elementor-element elementor-element-1c3e209 elementor-section-full_width elementor-section-height-default elementor-section-height-default\" data-id=\"1c3e209\" data-element_type=\"section\" data-e-type=\"section\">\n\t\t\t\t\t\t<div class=\"elementor-container elementor-column-gap-default\">\n\t\t\t\t\t<div class=\"elementor-column elementor-col-100 elementor-inner-column elementor-element elementor-element-2d0e1f8\" data-id=\"2d0e1f8\" data-element_type=\"column\" data-e-type=\"column\">\n\t\t\t<div class=\"elementor-widget-wrap elementor-element-populated\">\n\t\t\t\t\t\t<div class=\"elementor-element elementor-element-d7e687c elementor-widget elementor-widget-heading\" data-id=\"d7e687c\" data-element_type=\"widget\" data-e-type=\"widget\" data-widget_type=\"heading.default\">\n\t\t\t\t<div class=\"elementor-widget-container\">\n\t\t\t\t\t<h2 class=\"elementor-heading-title elementor-size-default\">Ile kosztuje udzia\u0142 w programie?<\/h2>\t\t\t\t<\/div>\n\t\t\t\t<\/div>\n\t\t\t\t<div class=\"elementor-element elementor-element-095d7be elementor-widget elementor-widget-text-editor\" data-id=\"095d7be\" data-element_type=\"widget\" data-e-type=\"widget\" data-widget_type=\"text-editor.default\">\n\t\t\t\t<div class=\"elementor-widget-container\">\n\t\t\t\t\t\t\t\t\t<p>Op\u0142ata za udzia\u0142 w programie akceleracyjnym wynosi odpowiednio 19 000 PLN + VAT dla startup\u00f3w oraz 29 000 PLN + VAT dla korporacji.<\/p>\n<p>W pakiecie akceleracyjnym znajduj\u0105 si\u0119:<\/p>\n<ul>\n<li>2 miejsca w programie dla founder\u00f3w lub kadry zarz\u0105dzaj\u0105cej, menad\u017cerskiej,<\/li>\n<li>10 warsztat\u00f3w online (40 godzin warsztat\u00f3w),<\/li>\n<li>dost\u0119p do najlepszych ekspert\u00f3w, mentor\u00f3w i partner\u00f3w w bran\u017cy foodtech,<\/li>\n<li>udzia\u0142 w Kick-off oraz Demo Day,<\/li>\n<li>wsparcie w budowaniu networku,<\/li>\n<li>cz\u0142onkostwo w spo\u0142eczno\u015bci foodtech.ac, zapewniaj\u0105ce wymian\u0119 do\u015bwiadcze\u0144 oraz wsp\u00f3\u0142prac\u0119 z akceleratorem i alumnami wszystkich edycji tak\u017ce po zako\u0144czeniu programu.<\/li>\n<\/ul>\n<p>Op\u0142ata pobierana jest od os\u00f3b i projekt\u00f3w, kt\u00f3re ostatecznie zostan\u0105 zakwalifikowane do akceleracji podczas weekendowego Kick-off.<\/p>\n<p>Sam udzia\u0142 w weekendowym Kick-off jest bezp\u0142atny \u2013 chcemy da\u0107 szans\u0119 i przyjrze\u0107 si\u0119 mo\u017cliwe jak najwi\u0119kszej liczbie potencjalnych uczestnik\u00f3w i projekt\u00f3w.<\/p>\n<p>Wybranym startupom umo\u017cliwiamy cz\u0119\u015bciowe rozliczenie si\u0119 z nami w formie udzia\u0142\u00f3w. Jest to tzw. \u201erynkowe drobne kilka procent\u201d zale\u017cne od rodzaju projektu i etapu jego rozwoju. Decyzj\u0119 o takie formie rozliczenia oraz jej parametrach mo\u017cemy wsp\u00f3lnie podj\u0105\u0107 po weekendowym Kick-off, po tym jak troch\u0119 si\u0119 ju\u017c poznamy. Je\u015bli dojdziemy do porozumienia, wszystkie warunki wsp\u00f3\u0142pracy spiszemy w przejrzystej umowie.&nbsp;W przypadku rozliczenia udzia\u0142owego, pobieramy op\u0142at\u0119 w wysoko\u015bci 3000 PLN + VAT na pokrycie bazowych koszt\u00f3w organizacji programu akceleracyjnego.<\/p>\t\t\t\t\t\t\t\t<\/div>\n\t\t\t\t<\/div>\n\t\t\t\t\t<\/div>\n\t\t<\/div>\n\t\t\t\t\t<\/div>\n\t\t<\/section>\n\t\t\t\t\t<\/div>\n\t\t<\/div>\n\t\t\t\t\t<\/div>\n\t\t<\/section>\n\t\t\t\t<section class=\"elementor-section elementor-top-section elementor-element elementor-element-57c78ce1 elementor-section-content-middle elementor-section-boxed elementor-section-height-default elementor-section-height-default\" data-id=\"57c78ce1\" data-element_type=\"section\" data-e-type=\"section\">\n\t\t\t\t\t\t<div class=\"elementor-container elementor-column-gap-no\">\n\t\t\t\t\t<div class=\"elementor-column elementor-col-100 elementor-top-column elementor-element elementor-element-24ac853e\" data-id=\"24ac853e\" data-element_type=\"column\" data-e-type=\"column\">\n\t\t\t<div class=\"elementor-widget-wrap elementor-element-populated\">\n\t\t\t\t\t\t<div class=\"elementor-element elementor-element-8fdfed5 elementor-widget elementor-widget-heading\" data-id=\"8fdfed5\" data-element_type=\"widget\" data-e-type=\"widget\" data-widget_type=\"heading.default\">\n\t\t\t\t<div class=\"elementor-widget-container\">\n\t\t\t\t\t<h3 class=\"elementor-heading-title elementor-size-default\">Masz pytanie, na kt\u00f3re nie znalaz\u0142e\u015b odpowiedzi? <br>Napisz do nas \u015bmia\u0142o!<\/h3>\t\t\t\t<\/div>\n\t\t\t\t<\/div>\n\t\t\t\t<div class=\"elementor-element elementor-element-bf8c213 elementor-widget-divider--view-line elementor-widget elementor-widget-divider\" data-id=\"bf8c213\" data-element_type=\"widget\" data-e-type=\"widget\" data-widget_type=\"divider.default\">\n\t\t\t\t<div class=\"elementor-widget-container\">\n\t\t\t\t\t\t\t<div class=\"elementor-divider\">\n\t\t\t<span class=\"elementor-divider-separator\">\n\t\t\t\t\t\t<\/span>\n\t\t<\/div>\n\t\t\t\t\t\t<\/div>\n\t\t\t\t<\/div>\n\t\t\t\t<div class=\"elementor-element elementor-element-4e409586 elementor-widget elementor-widget-heading\" data-id=\"4e409586\" data-element_type=\"widget\" data-e-type=\"widget\" data-widget_type=\"heading.default\">\n\t\t\t\t<div class=\"elementor-widget-container\">\n\t\t\t\t\t<p class=\"elementor-heading-title elementor-size-default\">info@foodtech.ac<\/p>\t\t\t\t<\/div>\n\t\t\t\t<\/div>\n\t\t\t\t\t<\/div>\n\t\t<\/div>\n\t\t\t\t\t<\/div>\n\t\t<\/section>\n\t\t\t\t<\/div>\n\t\t","protected":false},"excerpt":{"rendered":"<p>FAQ &#8211; Najcz\u0119\u015bciej zadawane pytania Dla kogo jest Wasz program akceleracyjny? Nasz program kierujemy do os\u00f3b, kt\u00f3rych ambicj\u0105 jest kszta\u0142towanie przysz\u0142o\u015bci technologii spo\u017cywczych w regionie Europy \u015arodkowo-Wschodniej. Skorzystaj\u0105 z niego zar\u00f3wno osoby indywidualne, startupy, przedsi\u0119biorcy, jak i korporacyjni wyjadacze. To naszpikowany wiedz\u0105 kurs na foodowego innowatora, niezale\u017cnie od rozmiaru organizacji. Opr\u00f3cz najnowszej wiedzy z bran\u017cy,&hellip;&nbsp;<a href=\"https:\/\/foodtech.ac\/pl\/faq\/\" rel=\"bookmark\">Dowiedz si\u0119 wi\u0119cej &raquo;<span class=\"screen-reader-text\">FAQ<\/span><\/a><\/p>\n","protected":false},"author":1,"featured_media":0,"parent":0,"menu_order":0,"comment_status":"closed","ping_status":"closed","template":"page-templates\/template-pagebuilder-full-width.php","meta":{"neve_meta_sidebar":"","neve_meta_container":"","neve_meta_enable_content_width":"","neve_meta_content_width":70,"neve_meta_title_alignment":"","neve_meta_author_avatar":"","neve_post_elements_order":"","neve_meta_disable_header":"","neve_meta_disable_footer":"","neve_meta_disable_title":"","footnotes":""},"class_list":["post-2565","page","type-page","status-publish","hentry"],"yoast_head":"<!-- This site is optimized with the Yoast SEO plugin v27.5 - https:\/\/yoast.com\/product\/yoast-seo-wordpress\/ -->\n<title>foodtech.ac - FAQ - Najcz\u0119\u015bciej zadawane pytania<\/title>\n<meta name=\"description\" content=\"Dowiedz si\u0119 wi\u0119cej o programie akceleracyjnym foodtech.ac Jakich projekt\u00f3w foodtech i agritech szukamy? Jak mo\u017cna do nas do\u0142\u0105czy\u0107? Czego mo\u017cesz si\u0119 spodziewa\u0107?\" \/>\n<meta name=\"robots\" content=\"index, follow, max-snippet:-1, max-image-preview:large, max-video-preview:-1\" \/>\n<link rel=\"canonical\" href=\"https:\/\/foodtech.ac\/pl\/faq\/\" \/>\n<meta property=\"og:locale\" content=\"pl_PL\" \/>\n<meta property=\"og:type\" content=\"article\" \/>\n<meta property=\"og:title\" content=\"foodtech.ac - FAQ - Najcz\u0119\u015bciej zadawane pytania\" \/>\n<meta property=\"og:description\" content=\"Dowiedz si\u0119 wi\u0119cej o programie akceleracyjnym foodtech.ac Jakich projekt\u00f3w foodtech i agritech szukamy? Jak mo\u017cna do nas do\u0142\u0105czy\u0107? Czego mo\u017cesz si\u0119 spodziewa\u0107?\" \/>\n<meta property=\"og:url\" content=\"https:\/\/foodtech.ac\/pl\/faq\/\" \/>\n<meta property=\"og:site_name\" content=\"foodtech.ac\" \/>\n<meta property=\"article:modified_time\" content=\"2024-04-08T14:40:05+00:00\" \/>\n<meta property=\"og:image\" content=\"http:\/\/foodtech.ac\/wp-content\/uploads\/2019\/02\/foodtech-fb-cover.jpg\" \/>\n<meta name=\"twitter:card\" content=\"summary_large_image\" \/>\n<meta name=\"twitter:label1\" content=\"Szacowany czas czytania\" \/>\n\t<meta name=\"twitter:data1\" content=\"6 minut\" \/>\n<script type=\"application\/ld+json\" class=\"yoast-schema-graph\">{\"@context\":\"https:\\\/\\\/schema.org\",\"@graph\":[{\"@type\":\"WebPage\",\"@id\":\"https:\\\/\\\/foodtech.ac\\\/pl\\\/faq\\\/\",\"url\":\"https:\\\/\\\/foodtech.ac\\\/pl\\\/faq\\\/\",\"name\":\"foodtech.ac - FAQ - Najcz\u0119\u015bciej zadawane pytania\",\"isPartOf\":{\"@id\":\"https:\\\/\\\/foodtech.ac\\\/pl\\\/#website\"},\"datePublished\":\"2019-02-27T06:28:49+00:00\",\"dateModified\":\"2024-04-08T14:40:05+00:00\",\"description\":\"Dowiedz si\u0119 wi\u0119cej o programie akceleracyjnym foodtech.ac Jakich projekt\u00f3w foodtech i agritech szukamy? Jak mo\u017cna do nas do\u0142\u0105czy\u0107? Czego mo\u017cesz si\u0119 spodziewa\u0107?\",\"breadcrumb\":{\"@id\":\"https:\\\/\\\/foodtech.ac\\\/pl\\\/faq\\\/#breadcrumb\"},\"inLanguage\":\"pl-PL\",\"potentialAction\":[{\"@type\":\"ReadAction\",\"target\":[\"https:\\\/\\\/foodtech.ac\\\/pl\\\/faq\\\/\"]}]},{\"@type\":\"BreadcrumbList\",\"@id\":\"https:\\\/\\\/foodtech.ac\\\/pl\\\/faq\\\/#breadcrumb\",\"itemListElement\":[{\"@type\":\"ListItem\",\"position\":1,\"name\":\"Strona g\u0142\u00f3wna\",\"item\":\"https:\\\/\\\/foodtech.ac\\\/pl\\\/strona-glowna\\\/\"},{\"@type\":\"ListItem\",\"position\":2,\"name\":\"FAQ\"}]},{\"@type\":\"WebSite\",\"@id\":\"https:\\\/\\\/foodtech.ac\\\/pl\\\/#website\",\"url\":\"https:\\\/\\\/foodtech.ac\\\/pl\\\/\",\"name\":\"foodtech.ac\",\"description\":\"\",\"potentialAction\":[{\"@type\":\"SearchAction\",\"target\":{\"@type\":\"EntryPoint\",\"urlTemplate\":\"https:\\\/\\\/foodtech.ac\\\/pl\\\/?s={search_term_string}\"},\"query-input\":{\"@type\":\"PropertyValueSpecification\",\"valueRequired\":true,\"valueName\":\"search_term_string\"}}],\"inLanguage\":\"pl-PL\"}]}<\/script>\n<!-- \/ Yoast SEO plugin. -->","yoast_head_json":{"title":"foodtech.ac - FAQ - Najcz\u0119\u015bciej zadawane pytania","description":"Dowiedz si\u0119 wi\u0119cej o programie akceleracyjnym foodtech.ac Jakich projekt\u00f3w foodtech i agritech szukamy? Jak mo\u017cna do nas do\u0142\u0105czy\u0107? Czego mo\u017cesz si\u0119 spodziewa\u0107?","robots":{"index":"index","follow":"follow","max-snippet":"max-snippet:-1","max-image-preview":"max-image-preview:large","max-video-preview":"max-video-preview:-1"},"canonical":"https:\/\/foodtech.ac\/pl\/faq\/","og_locale":"pl_PL","og_type":"article","og_title":"foodtech.ac - FAQ - Najcz\u0119\u015bciej zadawane pytania","og_description":"Dowiedz si\u0119 wi\u0119cej o programie akceleracyjnym foodtech.ac Jakich projekt\u00f3w foodtech i agritech szukamy? Jak mo\u017cna do nas do\u0142\u0105czy\u0107? Czego mo\u017cesz si\u0119 spodziewa\u0107?","og_url":"https:\/\/foodtech.ac\/pl\/faq\/","og_site_name":"foodtech.ac","article_modified_time":"2024-04-08T14:40:05+00:00","og_image":[{"url":"http:\/\/foodtech.ac\/wp-content\/uploads\/2019\/02\/foodtech-fb-cover.jpg","type":"","width":"","height":""}],"twitter_card":"summary_large_image","twitter_misc":{"Szacowany czas czytania":"6 minut"},"schema":{"@context":"https:\/\/schema.org","@graph":[{"@type":"WebPage","@id":"https:\/\/foodtech.ac\/pl\/faq\/","url":"https:\/\/foodtech.ac\/pl\/faq\/","name":"foodtech.ac - FAQ - Najcz\u0119\u015bciej zadawane pytania","isPartOf":{"@id":"https:\/\/foodtech.ac\/pl\/#website"},"datePublished":"2019-02-27T06:28:49+00:00","dateModified":"2024-04-08T14:40:05+00:00","description":"Dowiedz si\u0119 wi\u0119cej o programie akceleracyjnym foodtech.ac Jakich projekt\u00f3w foodtech i agritech szukamy? Jak mo\u017cna do nas do\u0142\u0105czy\u0107? Czego mo\u017cesz si\u0119 spodziewa\u0107?","breadcrumb":{"@id":"https:\/\/foodtech.ac\/pl\/faq\/#breadcrumb"},"inLanguage":"pl-PL","potentialAction":[{"@type":"ReadAction","target":["https:\/\/foodtech.ac\/pl\/faq\/"]}]},{"@type":"BreadcrumbList","@id":"https:\/\/foodtech.ac\/pl\/faq\/#breadcrumb","itemListElement":[{"@type":"ListItem","position":1,"name":"Strona g\u0142\u00f3wna","item":"https:\/\/foodtech.ac\/pl\/strona-glowna\/"},{"@type":"ListItem","position":2,"name":"FAQ"}]},{"@type":"WebSite","@id":"https:\/\/foodtech.ac\/pl\/#website","url":"https:\/\/foodtech.ac\/pl\/","name":"foodtech.ac","description":"","potentialAction":[{"@type":"SearchAction","target":{"@type":"EntryPoint","urlTemplate":"https:\/\/foodtech.ac\/pl\/?s={search_term_string}"},"query-input":{"@type":"PropertyValueSpecification","valueRequired":true,"valueName":"search_term_string"}}],"inLanguage":"pl-PL"}]}},"_links":{"self":[{"href":"https:\/\/foodtech.ac\/pl\/wp-json\/wp\/v2\/pages\/2565","targetHints":{"allow":["GET"]}}],"collection":[{"href":"https:\/\/foodtech.ac\/pl\/wp-json\/wp\/v2\/pages"}],"about":[{"href":"https:\/\/foodtech.ac\/pl\/wp-json\/wp\/v2\/types\/page"}],"author":[{"embeddable":true,"href":"https:\/\/foodtech.ac\/pl\/wp-json\/wp\/v2\/users\/1"}],"replies":[{"embeddable":true,"href":"https:\/\/foodtech.ac\/pl\/wp-json\/wp\/v2\/comments?post=2565"}],"version-history":[{"count":0,"href":"https:\/\/foodtech.ac\/pl\/wp-json\/wp\/v2\/pages\/2565\/revisions"}],"wp:attachment":[{"href":"https:\/\/foodtech.ac\/pl\/wp-json\/wp\/v2\/media?parent=2565"}],"curies":[{"name":"wp","href":"https:\/\/api.w.org\/{rel}","templated":true}]}}