{"id":4065,"date":"2024-03-10T14:08:50","date_gmt":"2024-03-10T13:08:50","guid":{"rendered":"https:\/\/foodtech.ac\/vegelio\/"},"modified":"2024-03-11T13:02:31","modified_gmt":"2024-03-11T12:02:31","slug":"vegelio","status":"publish","type":"page","link":"https:\/\/foodtech.ac\/pl\/vegelio\/","title":{"rendered":"VegeLIO"},"content":{"rendered":"\t\t<div data-elementor-type=\"wp-post\" data-elementor-id=\"4065\" class=\"elementor elementor-4065 elementor-4042\">\n\t\t\t\t\t\t<section class=\"elementor-section elementor-top-section elementor-element elementor-element-4c8df965 elementor-section-content-middle elementor-section-boxed elementor-section-height-default elementor-section-height-default\" data-id=\"4c8df965\" data-element_type=\"section\" data-e-type=\"section\">\n\t\t\t\t\t\t<div class=\"elementor-container elementor-column-gap-default\">\n\t\t\t\t\t<div class=\"elementor-column elementor-col-100 elementor-top-column elementor-element elementor-element-59df200e\" data-id=\"59df200e\" data-element_type=\"column\" data-e-type=\"column\">\n\t\t\t<div class=\"elementor-widget-wrap elementor-element-populated\">\n\t\t\t\t\t\t<section class=\"elementor-section elementor-inner-section elementor-element elementor-element-42579c0 elementor-section-full_width elementor-section-height-default elementor-section-height-default\" data-id=\"42579c0\" data-element_type=\"section\" data-e-type=\"section\">\n\t\t\t\t\t\t<div class=\"elementor-container elementor-column-gap-no\">\n\t\t\t\t\t<div class=\"elementor-column elementor-col-33 elementor-inner-column elementor-element elementor-element-f9b6dc2\" data-id=\"f9b6dc2\" data-element_type=\"column\" data-e-type=\"column\">\n\t\t\t<div class=\"elementor-widget-wrap elementor-element-populated\">\n\t\t\t\t\t\t<div class=\"elementor-element elementor-element-20eb472 elementor-widget elementor-widget-image\" data-id=\"20eb472\" data-element_type=\"widget\" data-e-type=\"widget\" data-widget_type=\"image.default\">\n\t\t\t\t<div class=\"elementor-widget-container\">\n\t\t\t\t\t\t\t\t\t\t\t\t\t\t\t<img fetchpriority=\"high\" decoding=\"async\" width=\"1867\" height=\"668\" src=\"https:\/\/foodtech.ac\/wp-content\/uploads\/2024\/03\/vegelio.png\" class=\"attachment-full size-full wp-image-4045\" alt=\"VegeLIO\" srcset=\"https:\/\/foodtech.ac\/wp-content\/uploads\/2024\/03\/vegelio.png 1867w, https:\/\/foodtech.ac\/wp-content\/uploads\/2024\/03\/vegelio-300x107.png 300w, https:\/\/foodtech.ac\/wp-content\/uploads\/2024\/03\/vegelio-1024x366.png 1024w, https:\/\/foodtech.ac\/wp-content\/uploads\/2024\/03\/vegelio-768x275.png 768w, https:\/\/foodtech.ac\/wp-content\/uploads\/2024\/03\/vegelio-1536x550.png 1536w\" sizes=\"(max-width: 1867px) 100vw, 1867px\" \/>\t\t\t\t\t\t\t\t\t\t\t\t\t\t\t<\/div>\n\t\t\t\t<\/div>\n\t\t\t\t<div class=\"elementor-element elementor-element-b664890 elementor-widget elementor-widget-heading\" data-id=\"b664890\" data-element_type=\"widget\" data-e-type=\"widget\" data-widget_type=\"heading.default\">\n\t\t\t\t<div class=\"elementor-widget-container\">\n\t\t\t\t\t<h2 class=\"elementor-heading-title elementor-size-default\">Podsumowanie:<\/h2>\t\t\t\t<\/div>\n\t\t\t\t<\/div>\n\t\t\t\t<div class=\"elementor-element elementor-element-00c8a5d elementor-widget elementor-widget-text-editor\" data-id=\"00c8a5d\" data-element_type=\"widget\" data-e-type=\"widget\" data-widget_type=\"text-editor.default\">\n\t\t\t\t<div class=\"elementor-widget-container\">\n\t\t\t\t\t\t\t\t\t<p><strong>Nazwa:<\/strong> VegeLIO<strong><br \/>Bran\u017ca:<\/strong> Foodtech \/ Liofilizacja<br \/><b>Lokalizacja:<\/b> Chech\u0142o Drugie, Poland<br \/><b>foodtech.ac: <\/b>Alumni 5 edycji (2022)<br \/><b>Liczba os\u00f3b w zespole:<\/b> 2<\/p>\n\t\t\t\t\t\t\t\t<\/div>\n\t\t\t\t<\/div>\n\t\t\t\t\t<\/div>\n\t\t<\/div>\n\t\t\t\t<div class=\"elementor-column elementor-col-33 elementor-inner-column elementor-element elementor-element-076a60e\" data-id=\"076a60e\" data-element_type=\"column\" data-e-type=\"column\">\n\t\t\t<div class=\"elementor-widget-wrap elementor-element-populated\">\n\t\t\t\t\t\t<div class=\"elementor-element elementor-element-79eae03 elementor-widget elementor-widget-heading\" data-id=\"79eae03\" data-element_type=\"widget\" data-e-type=\"widget\" data-widget_type=\"heading.default\">\n\t\t\t\t<div class=\"elementor-widget-container\">\n\t\t\t\t\t<h2 class=\"elementor-heading-title elementor-size-default\">Kamienie milowe:<\/h2>\t\t\t\t<\/div>\n\t\t\t\t<\/div>\n\t\t\t\t<div class=\"elementor-element elementor-element-9577f79 elementor-widget elementor-widget-text-editor\" data-id=\"9577f79\" data-element_type=\"widget\" data-e-type=\"widget\" data-widget_type=\"text-editor.default\">\n\t\t\t\t<div class=\"elementor-widget-container\">\n\t\t\t\t\t\t\t\t\t<p><strong style=\"color: var( --e-global-color-nvtextcolor ); background-color: var(--nv-site-bg); font-family: var(--bodyfontfamily),var(--nv-fallback-ff); letter-spacing: var(--bodyletterspacing); text-transform: var(--bodytexttransform);\">2021\/12:<\/strong><span style=\"background-color: var(--nv-site-bg);\"><span style=\"color: rgba(0, 0, 0, 0); font-family: var(--bodyfontfamily),var(--nv-fallback-ff);\"><span style=\"font-weight: var(--bodyfontweight); letter-spacing: var(--bodyletterspacing); text-transform: var(--bodytexttransform);\"> <\/span><\/span>Otrzymanie dotacji w zakresie podejmowania dzia\u0142alno\u015bci gospodarczej w Lokalnej Grupie Dzia\u0142ania &#8222;Dolina rzeki Grabi&#8221;<br \/><\/span><strong style=\"color: var( --e-global-color-nvtextcolor ); background-color: var(--nv-site-bg); font-family: var(--bodyfontfamily),var(--nv-fallback-ff); letter-spacing: var(--bodyletterspacing); text-transform: var(--bodytexttransform);\">2023\/06:<\/strong><span style=\"background-color: var(--nv-site-bg);\"><span style=\"color: var( --e-global-color-nvtextcolor ); font-family: var(--bodyfontfamily),var(--nv-fallback-ff); letter-spacing: var(--bodyletterspacing); text-transform: var(--bodytexttransform); font-weight: var(--bodyfontweight);\"> <\/span>Uruchomienie produkcji w Polsce<br \/><\/span><strong style=\"color: var( --e-global-color-nvtextcolor ); background-color: var(--nv-site-bg); font-family: var(--bodyfontfamily),var(--nv-fallback-ff); letter-spacing: var(--bodyletterspacing); text-transform: var(--bodytexttransform);\">2023\/06:<\/strong><span style=\"background-color: var(--nv-site-bg);\"><span style=\"color: var( --e-global-color-nvtextcolor ); font-family: var(--bodyfontfamily),var(--nv-fallback-ff); letter-spacing: var(--bodyletterspacing); text-transform: var(--bodytexttransform); font-weight: var(--bodyfontweight);\"> <\/span>Udzia\u0142 w programie Empowering Women in Agrifood by EIT Food and Startup Hub Poland<\/span><\/p>\n\t\t\t\t\t\t\t\t<\/div>\n\t\t\t\t<\/div>\n\t\t\t\t\t<\/div>\n\t\t<\/div>\n\t\t\t\t<div class=\"elementor-column elementor-col-33 elementor-inner-column elementor-element elementor-element-5f4daf1\" data-id=\"5f4daf1\" data-element_type=\"column\" data-e-type=\"column\" data-settings=\"{&quot;background_background&quot;:&quot;classic&quot;}\">\n\t\t\t<div class=\"elementor-widget-wrap elementor-element-populated\">\n\t\t\t\t\t\t<div class=\"elementor-element elementor-element-48a9bbf elementor-widget elementor-widget-heading\" data-id=\"48a9bbf\" data-element_type=\"widget\" data-e-type=\"widget\" data-widget_type=\"heading.default\">\n\t\t\t\t<div class=\"elementor-widget-container\">\n\t\t\t\t\t<h2 class=\"elementor-heading-title elementor-size-default\">Za\u0142o\u017cyciele:<\/h2>\t\t\t\t<\/div>\n\t\t\t\t<\/div>\n\t\t\t\t<div class=\"elementor-element elementor-element-de49752 elementor-widget elementor-widget-text-editor\" data-id=\"de49752\" data-element_type=\"widget\" data-e-type=\"widget\" data-widget_type=\"text-editor.default\">\n\t\t\t\t<div class=\"elementor-widget-container\">\n\t\t\t\t\t\t\t\t\t<p><a href=\"https:\/\/www.linkedin.com\/in\/renata-krysiak-86a782285\/\" target=\"_blank\" rel=\"noopener\">Renata Krysiak<\/a><br \/><a href=\"https:\/\/www.linkedin.com\/in\/julia-krysiak-1503271b8\/\" target=\"_blank\" rel=\"noopener\">Julia Krysiak<\/a><\/p>\n\t\t\t\t\t\t\t\t<\/div>\n\t\t\t\t<\/div>\n\t\t\t\t<div class=\"elementor-element elementor-element-1673c5f elementor-widget elementor-widget-heading\" data-id=\"1673c5f\" data-element_type=\"widget\" data-e-type=\"widget\" data-widget_type=\"heading.default\">\n\t\t\t\t<div class=\"elementor-widget-container\">\n\t\t\t\t\t<h2 class=\"elementor-heading-title elementor-size-default\">Linki:<\/h2>\t\t\t\t<\/div>\n\t\t\t\t<\/div>\n\t\t\t\t<div class=\"elementor-element elementor-element-cfa59bc elementor-widget elementor-widget-text-editor\" data-id=\"cfa59bc\" data-element_type=\"widget\" data-e-type=\"widget\" data-widget_type=\"text-editor.default\">\n\t\t\t\t<div class=\"elementor-widget-container\">\n\t\t\t\t\t\t\t\t\t<p><a href=\"https:\/\/vegelio.com\/\" target=\"_blank\" rel=\"noopener\">Strona internetowa<\/a><br \/><a href=\"https:\/\/www.facebook.com\/vegelio.lio\" target=\"_blank\" rel=\"noopener\">Facebook<\/a><br \/><a href=\"https:\/\/www.instagram.com\/vegelio.lio\/\" target=\"_blank\" rel=\"noopener\">Instagram<\/a><a href=\"https:\/\/www.linkedin.com\/company\/vegelio\/\" target=\"_blank\" rel=\"noopener\"><br \/>LinkedIn<\/a><\/p>\n\t\t\t\t\t\t\t\t<\/div>\n\t\t\t\t<\/div>\n\t\t\t\t\t<\/div>\n\t\t<\/div>\n\t\t\t\t\t<\/div>\n\t\t<\/section>\n\t\t\t\t<section class=\"elementor-section elementor-inner-section elementor-element elementor-element-0e3d590 elementor-section-full_width elementor-section-height-default elementor-section-height-default\" data-id=\"0e3d590\" data-element_type=\"section\" data-e-type=\"section\">\n\t\t\t\t\t\t<div class=\"elementor-container elementor-column-gap-no\">\n\t\t\t\t\t<div class=\"elementor-column elementor-col-100 elementor-inner-column elementor-element elementor-element-c9e1978\" data-id=\"c9e1978\" data-element_type=\"column\" data-e-type=\"column\">\n\t\t\t<div class=\"elementor-widget-wrap elementor-element-populated\">\n\t\t\t\t\t\t<div class=\"elementor-element elementor-element-4aee4ef elementor-widget elementor-widget-heading\" data-id=\"4aee4ef\" data-element_type=\"widget\" data-e-type=\"widget\" data-widget_type=\"heading.default\">\n\t\t\t\t<div class=\"elementor-widget-container\">\n\t\t\t\t\t<h2 class=\"elementor-heading-title elementor-size-default\">O VegeLIO:<\/h2>\t\t\t\t<\/div>\n\t\t\t\t<\/div>\n\t\t\t\t<div class=\"elementor-element elementor-element-15b2732 elementor-widget elementor-widget-text-editor\" data-id=\"15b2732\" data-element_type=\"widget\" data-e-type=\"widget\" data-widget_type=\"text-editor.default\">\n\t\t\t\t<div class=\"elementor-widget-container\">\n\t\t\t\t\t\t\t\t\t<p>VegeLIO to mama i c\u00f3rka, kt\u00f3re postanowi\u0142y wprowadzi\u0107 na polskie sto\u0142y pe\u0142nowarto\u015bciowe warzywa liofilizowane w postaci r\u00f3\u017cnorodnych, zdrowych, smacznych mieszanek. Nasza g\u0142\u00f3wna idea, kt\u00f3r\u0105 wprowadzamy na co dzie\u0144 do naszego \u017cycia to zdrowe od\u017cywianie i zdrowy styl \u017cycia. Sam pomys\u0142 zrodzi\u0142 si\u0119 podczas pandemii, gdy dost\u0119p do r\u00f3\u017cnych produkt\u00f3w by\u0142 bardzo ograniczony. Szuka\u0142y\u015bmy czego\u015b smacznego, a jednocze\u015bnie pe\u0142nego witamin, minera\u0142\u00f3w, warto\u015bci od\u017cywczych, co pozwoli na szybkie i wygodne przygotowanie r\u00f3\u017cnorodnych posi\u0142k\u00f3w. I tak powsta\u0142a mieszanka 9 warzyw liofilizowanych i 3 zi\u00f3\u0142 liofilizowanych, z odrobin\u0105 soli k\u0142odawskiej, kurkumy i pieprzu &#8211; VegeLIO.<\/p>\n<p>Warzywa w VegeLIO s\u0105 chrupi\u0105ce i aromatyczne, zio\u0142a nadaj\u0105 g\u0142\u0119bi smaku i zapachu, a przyprawy dope\u0142niaj\u0105 ca\u0142\u0105 kompozycj\u0119. VegeLIO to idealna propozycja dla os\u00f3b, kt\u00f3re chc\u0105 si\u0119 zdrowo od\u017cywia\u0107, a jednocze\u015bnie ceni\u0105 sobie wygod\u0119 i \u0142atwo\u015b\u0107 przygotowywania posi\u0142k\u00f3w. Mieszanka wyst\u0119puje w formie kawa\u0142k\u00f3w i p\u0142atk\u00f3w, co pozwala na ich szybkie i \u0142atwe wykorzystanie w r\u00f3\u017cnorodnych daniach.<\/p>\n<p>VegeLIO to dosmaczacz, szybki bulion warzywny, dodatkowa porcja warzyw w diecie oraz chrupi\u0105ce warzywa prosto ze s\u0142oiczka. Bez dodatku substancji konserwuj\u0105cych i wzmacniaczy smaku, zawiera tylko naturalnie wyst\u0119puj\u0105ce cukry, z wysok\u0105 zawarto\u015bci\u0105 b\u0142onnika pokarmowego, \u017ar\u00f3d\u0142o bia\u0142ka, ultralekkie, smaczne, zdrowe, z d\u0142ugim okresem przydatno\u015bci. Wszystkie warzywa i zio\u0142a pochodz\u0105 od polskich rolnik\u00f3w i liofilizowane s\u0105 przez polskie firmy. Produkt zapakowany jest w s\u0142oik wykonany w 100% z recyklingowanego tworzywa PET.<\/p>\n<p>Od zawsze ka\u017cda z nas marzy\u0142a po cichu o w\u0142asnej firmie, a kwintesencj\u0105 sta\u0142a si\u0119 wsp\u00f3lna, rodzinna, kobieca firma.<\/p>\t\t\t\t\t\t\t\t<\/div>\n\t\t\t\t<\/div>\n\t\t\t\t\t<\/div>\n\t\t<\/div>\n\t\t\t\t\t<\/div>\n\t\t<\/section>\n\t\t\t\t<section class=\"elementor-section elementor-inner-section elementor-element elementor-element-3d0abb0 elementor-section-full_width elementor-section-height-default elementor-section-height-default\" data-id=\"3d0abb0\" data-element_type=\"section\" data-e-type=\"section\">\n\t\t\t\t\t\t<div class=\"elementor-container elementor-column-gap-no\">\n\t\t\t\t\t<div class=\"elementor-column elementor-col-50 elementor-inner-column elementor-element elementor-element-5301c10\" data-id=\"5301c10\" data-element_type=\"column\" data-e-type=\"column\">\n\t\t\t<div class=\"elementor-widget-wrap elementor-element-populated\">\n\t\t\t\t\t\t<div class=\"elementor-element elementor-element-0b493de elementor-widget elementor-widget-image\" data-id=\"0b493de\" data-element_type=\"widget\" data-e-type=\"widget\" data-widget_type=\"image.default\">\n\t\t\t\t<div class=\"elementor-widget-container\">\n\t\t\t\t\t\t\t\t\t\t\t\t\t\t\t<img decoding=\"async\" width=\"1140\" height=\"1140\" src=\"https:\/\/foodtech.ac\/wp-content\/uploads\/2024\/03\/vegelio-foto1.jpg\" class=\"attachment-full size-full wp-image-4047\" alt=\"VegeLIO\" srcset=\"https:\/\/foodtech.ac\/wp-content\/uploads\/2024\/03\/vegelio-foto1.jpg 1140w, https:\/\/foodtech.ac\/wp-content\/uploads\/2024\/03\/vegelio-foto1-300x300.jpg 300w, https:\/\/foodtech.ac\/wp-content\/uploads\/2024\/03\/vegelio-foto1-1024x1024.jpg 1024w, https:\/\/foodtech.ac\/wp-content\/uploads\/2024\/03\/vegelio-foto1-150x150.jpg 150w, https:\/\/foodtech.ac\/wp-content\/uploads\/2024\/03\/vegelio-foto1-768x768.jpg 768w\" sizes=\"(max-width: 1140px) 100vw, 1140px\" \/>\t\t\t\t\t\t\t\t\t\t\t\t\t\t\t<\/div>\n\t\t\t\t<\/div>\n\t\t\t\t\t<\/div>\n\t\t<\/div>\n\t\t\t\t<div class=\"elementor-column elementor-col-50 elementor-inner-column elementor-element elementor-element-1f437a8\" data-id=\"1f437a8\" data-element_type=\"column\" data-e-type=\"column\">\n\t\t\t<div class=\"elementor-widget-wrap elementor-element-populated\">\n\t\t\t\t\t\t<div class=\"elementor-element elementor-element-5c04fc9 elementor-widget elementor-widget-image\" data-id=\"5c04fc9\" data-element_type=\"widget\" data-e-type=\"widget\" data-widget_type=\"image.default\">\n\t\t\t\t<div class=\"elementor-widget-container\">\n\t\t\t\t\t\t\t\t\t\t\t\t\t\t\t<img decoding=\"async\" width=\"1140\" height=\"1140\" src=\"https:\/\/foodtech.ac\/wp-content\/uploads\/2024\/03\/vegelio-foto2.jpg\" class=\"attachment-full size-full wp-image-4049\" alt=\"VegeLIO\" srcset=\"https:\/\/foodtech.ac\/wp-content\/uploads\/2024\/03\/vegelio-foto2.jpg 1140w, https:\/\/foodtech.ac\/wp-content\/uploads\/2024\/03\/vegelio-foto2-300x300.jpg 300w, https:\/\/foodtech.ac\/wp-content\/uploads\/2024\/03\/vegelio-foto2-1024x1024.jpg 1024w, https:\/\/foodtech.ac\/wp-content\/uploads\/2024\/03\/vegelio-foto2-150x150.jpg 150w, https:\/\/foodtech.ac\/wp-content\/uploads\/2024\/03\/vegelio-foto2-768x768.jpg 768w\" sizes=\"(max-width: 1140px) 100vw, 1140px\" \/>\t\t\t\t\t\t\t\t\t\t\t\t\t\t\t<\/div>\n\t\t\t\t<\/div>\n\t\t\t\t\t<\/div>\n\t\t<\/div>\n\t\t\t\t\t<\/div>\n\t\t<\/section>\n\t\t\t\t<section class=\"elementor-section elementor-inner-section elementor-element elementor-element-5f4d12b elementor-section-full_width elementor-section-height-default elementor-section-height-default\" data-id=\"5f4d12b\" data-element_type=\"section\" data-e-type=\"section\">\n\t\t\t\t\t\t<div class=\"elementor-container elementor-column-gap-no\">\n\t\t\t\t\t<div class=\"elementor-column elementor-col-50 elementor-inner-column elementor-element elementor-element-bce6af0\" data-id=\"bce6af0\" data-element_type=\"column\" data-e-type=\"column\">\n\t\t\t<div class=\"elementor-widget-wrap elementor-element-populated\">\n\t\t\t\t\t\t<div class=\"elementor-element elementor-element-5ad1ad7 elementor-widget elementor-widget-image\" data-id=\"5ad1ad7\" data-element_type=\"widget\" data-e-type=\"widget\" data-widget_type=\"image.default\">\n\t\t\t\t<div class=\"elementor-widget-container\">\n\t\t\t\t\t\t\t\t\t\t\t\t\t\t\t<img loading=\"lazy\" decoding=\"async\" width=\"1140\" height=\"1140\" src=\"https:\/\/foodtech.ac\/wp-content\/uploads\/2024\/03\/vegelio-foto3.jpg\" class=\"attachment-full size-full wp-image-4051\" alt=\"VegeLIO\" srcset=\"https:\/\/foodtech.ac\/wp-content\/uploads\/2024\/03\/vegelio-foto3.jpg 1140w, https:\/\/foodtech.ac\/wp-content\/uploads\/2024\/03\/vegelio-foto3-300x300.jpg 300w, https:\/\/foodtech.ac\/wp-content\/uploads\/2024\/03\/vegelio-foto3-1024x1024.jpg 1024w, https:\/\/foodtech.ac\/wp-content\/uploads\/2024\/03\/vegelio-foto3-150x150.jpg 150w, https:\/\/foodtech.ac\/wp-content\/uploads\/2024\/03\/vegelio-foto3-768x768.jpg 768w\" sizes=\"(max-width: 1140px) 100vw, 1140px\" \/>\t\t\t\t\t\t\t\t\t\t\t\t\t\t\t<\/div>\n\t\t\t\t<\/div>\n\t\t\t\t\t<\/div>\n\t\t<\/div>\n\t\t\t\t<div class=\"elementor-column elementor-col-50 elementor-inner-column elementor-element elementor-element-92b3f0e\" data-id=\"92b3f0e\" data-element_type=\"column\" data-e-type=\"column\">\n\t\t\t<div class=\"elementor-widget-wrap elementor-element-populated\">\n\t\t\t\t\t\t<div class=\"elementor-element elementor-element-9fed04a elementor-widget elementor-widget-image\" data-id=\"9fed04a\" data-element_type=\"widget\" data-e-type=\"widget\" data-widget_type=\"image.default\">\n\t\t\t\t<div class=\"elementor-widget-container\">\n\t\t\t\t\t\t\t\t\t\t\t\t\t\t\t<img loading=\"lazy\" decoding=\"async\" width=\"1140\" height=\"1140\" src=\"https:\/\/foodtech.ac\/wp-content\/uploads\/2024\/03\/vegelio-foto4.jpg\" class=\"attachment-full size-full wp-image-4053\" alt=\"VegeLIO\" srcset=\"https:\/\/foodtech.ac\/wp-content\/uploads\/2024\/03\/vegelio-foto4.jpg 1140w, https:\/\/foodtech.ac\/wp-content\/uploads\/2024\/03\/vegelio-foto4-300x300.jpg 300w, https:\/\/foodtech.ac\/wp-content\/uploads\/2024\/03\/vegelio-foto4-1024x1024.jpg 1024w, https:\/\/foodtech.ac\/wp-content\/uploads\/2024\/03\/vegelio-foto4-150x150.jpg 150w, https:\/\/foodtech.ac\/wp-content\/uploads\/2024\/03\/vegelio-foto4-768x768.jpg 768w\" sizes=\"(max-width: 1140px) 100vw, 1140px\" \/>\t\t\t\t\t\t\t\t\t\t\t\t\t\t\t<\/div>\n\t\t\t\t<\/div>\n\t\t\t\t\t<\/div>\n\t\t<\/div>\n\t\t\t\t\t<\/div>\n\t\t<\/section>\n\t\t\t\t\t<\/div>\n\t\t<\/div>\n\t\t\t\t\t<\/div>\n\t\t<\/section>\n\t\t\t\t<section class=\"elementor-section elementor-top-section elementor-element elementor-element-57c78ce1 elementor-section-content-middle elementor-section-boxed elementor-section-height-default elementor-section-height-default\" data-id=\"57c78ce1\" data-element_type=\"section\" data-e-type=\"section\">\n\t\t\t\t\t\t<div class=\"elementor-container elementor-column-gap-no\">\n\t\t\t\t\t<div class=\"elementor-column elementor-col-100 elementor-top-column elementor-element elementor-element-24ac853e\" data-id=\"24ac853e\" data-element_type=\"column\" data-e-type=\"column\">\n\t\t\t<div class=\"elementor-widget-wrap elementor-element-populated\">\n\t\t\t\t\t\t<div class=\"elementor-element elementor-element-8fdfed5 elementor-widget elementor-widget-heading\" data-id=\"8fdfed5\" data-element_type=\"widget\" data-e-type=\"widget\" data-widget_type=\"heading.default\">\n\t\t\t\t<div class=\"elementor-widget-container\">\n\t\t\t\t\t<h3 class=\"elementor-heading-title elementor-size-default\">Chcesz dowiedzie\u0107 si\u0119 wi\u0119cej na temat VegeLIO? <br>Napisz do nas \u015bmia\u0142o!<\/h3>\t\t\t\t<\/div>\n\t\t\t\t<\/div>\n\t\t\t\t<div class=\"elementor-element elementor-element-bf8c213 elementor-widget-divider--view-line elementor-widget elementor-widget-divider\" data-id=\"bf8c213\" data-element_type=\"widget\" data-e-type=\"widget\" data-widget_type=\"divider.default\">\n\t\t\t\t<div class=\"elementor-widget-container\">\n\t\t\t\t\t\t\t<div class=\"elementor-divider\">\n\t\t\t<span class=\"elementor-divider-separator\">\n\t\t\t\t\t\t<\/span>\n\t\t<\/div>\n\t\t\t\t\t\t<\/div>\n\t\t\t\t<\/div>\n\t\t\t\t<div class=\"elementor-element elementor-element-4e409586 elementor-widget elementor-widget-heading\" data-id=\"4e409586\" data-element_type=\"widget\" data-e-type=\"widget\" data-widget_type=\"heading.default\">\n\t\t\t\t<div class=\"elementor-widget-container\">\n\t\t\t\t\t<p class=\"elementor-heading-title elementor-size-default\">info@foodtech.ac<\/p>\t\t\t\t<\/div>\n\t\t\t\t<\/div>\n\t\t\t\t\t<\/div>\n\t\t<\/div>\n\t\t\t\t\t<\/div>\n\t\t<\/section>\n\t\t\t\t<\/div>\n\t\t","protected":false},"excerpt":{"rendered":"<p>Podsumowanie: Nazwa: VegeLIOBran\u017ca: Foodtech \/ LiofilizacjaLokalizacja: Chech\u0142o Drugie, Polandfoodtech.ac: Alumni 5 edycji (2022)Liczba os\u00f3b w zespole: 2 Kamienie milowe: 2021\/12: Otrzymanie dotacji w zakresie podejmowania dzia\u0142alno\u015bci gospodarczej w Lokalnej Grupie Dzia\u0142ania &#8222;Dolina rzeki Grabi&#8221;2023\/06: Uruchomienie produkcji w Polsce2023\/06: Udzia\u0142 w programie Empowering Women in Agrifood by EIT Food and Startup Hub Poland Za\u0142o\u017cyciele: Renata KrysiakJulia&hellip;&nbsp;<a href=\"https:\/\/foodtech.ac\/pl\/vegelio\/\" rel=\"bookmark\">Dowiedz si\u0119 wi\u0119cej &raquo;<span class=\"screen-reader-text\">VegeLIO<\/span><\/a><\/p>\n","protected":false},"author":1,"featured_media":4055,"parent":0,"menu_order":0,"comment_status":"closed","ping_status":"closed","template":"page-templates\/template-pagebuilder-full-width.php","meta":{"neve_meta_sidebar":"","neve_meta_container":"","neve_meta_enable_content_width":"","neve_meta_content_width":70,"neve_meta_title_alignment":"","neve_meta_author_avatar":"","neve_post_elements_order":"","neve_meta_disable_header":"","neve_meta_disable_footer":"","neve_meta_disable_title":"","footnotes":""},"class_list":["post-4065","page","type-page","status-publish","has-post-thumbnail","hentry"],"yoast_head":"<!-- This site is optimized with the Yoast SEO plugin v27.5 - https:\/\/yoast.com\/product\/yoast-seo-wordpress\/ -->\n<title>VegeLIO - Porfolio startup\u00f3w foodtech.ac<\/title>\n<meta name=\"description\" content=\"Chrupi\u0105ce i aromatyczne warzywa liofilizowane z zio\u0142ami, kt\u00f3re dodaj\u0105 g\u0142\u0119bi smaku i aromatu oraz przyprawami dope\u0142niaj\u0105cymi ca\u0142o\u015b\u0107 kompozycji. VegeLIO to idealna propozycja dla os\u00f3b, kt\u00f3re chc\u0105 si\u0119 zdrowo od\u017cywia\u0107, a jednocze\u015bnie ceni\u0105 sobie wygod\u0119 i \u0142atwo\u015b\u0107 przygotowywania posi\u0142k\u00f3w. Mieszanka wyst\u0119puje w formie kawa\u0142k\u00f3w i p\u0142atk\u00f3w, co pozwala na ich szybkie i \u0142atwe wykorzystanie w r\u00f3\u017cnorodnych daniach.\" \/>\n<meta name=\"robots\" content=\"index, follow, max-snippet:-1, max-image-preview:large, max-video-preview:-1\" \/>\n<link rel=\"canonical\" href=\"https:\/\/foodtech.ac\/pl\/vegelio\/\" \/>\n<meta property=\"og:locale\" content=\"pl_PL\" \/>\n<meta property=\"og:type\" content=\"article\" \/>\n<meta property=\"og:title\" content=\"VegeLIO - Porfolio startup\u00f3w foodtech.ac\" \/>\n<meta property=\"og:description\" content=\"Chrupi\u0105ce i aromatyczne warzywa liofilizowane z zio\u0142ami, kt\u00f3re dodaj\u0105 g\u0142\u0119bi smaku i aromatu oraz przyprawami dope\u0142niaj\u0105cymi ca\u0142o\u015b\u0107 kompozycji. VegeLIO to idealna propozycja dla os\u00f3b, kt\u00f3re chc\u0105 si\u0119 zdrowo od\u017cywia\u0107, a jednocze\u015bnie ceni\u0105 sobie wygod\u0119 i \u0142atwo\u015b\u0107 przygotowywania posi\u0142k\u00f3w. Mieszanka wyst\u0119puje w formie kawa\u0142k\u00f3w i p\u0142atk\u00f3w, co pozwala na ich szybkie i \u0142atwe wykorzystanie w r\u00f3\u017cnorodnych daniach.\" \/>\n<meta property=\"og:url\" content=\"https:\/\/foodtech.ac\/pl\/vegelio\/\" \/>\n<meta property=\"og:site_name\" content=\"foodtech.ac\" \/>\n<meta property=\"article:modified_time\" content=\"2024-03-11T12:02:31+00:00\" \/>\n<meta property=\"og:image\" content=\"https:\/\/foodtech.ac\/wp-content\/uploads\/2024\/03\/vegelio-fb.jpg\" \/>\n\t<meta property=\"og:image:width\" content=\"1200\" \/>\n\t<meta property=\"og:image:height\" content=\"675\" \/>\n\t<meta property=\"og:image:type\" content=\"image\/jpeg\" \/>\n<meta name=\"twitter:card\" content=\"summary_large_image\" \/>\n<meta name=\"twitter:label1\" content=\"Szacowany czas czytania\" \/>\n\t<meta name=\"twitter:data1\" content=\"2 minuty\" \/>\n<script type=\"application\/ld+json\" class=\"yoast-schema-graph\">{\"@context\":\"https:\\\/\\\/schema.org\",\"@graph\":[{\"@type\":\"WebPage\",\"@id\":\"https:\\\/\\\/foodtech.ac\\\/pl\\\/vegelio\\\/\",\"url\":\"https:\\\/\\\/foodtech.ac\\\/pl\\\/vegelio\\\/\",\"name\":\"VegeLIO - Porfolio startup\u00f3w foodtech.ac\",\"isPartOf\":{\"@id\":\"https:\\\/\\\/foodtech.ac\\\/pl\\\/#website\"},\"primaryImageOfPage\":{\"@id\":\"https:\\\/\\\/foodtech.ac\\\/pl\\\/vegelio\\\/#primaryimage\"},\"image\":{\"@id\":\"https:\\\/\\\/foodtech.ac\\\/pl\\\/vegelio\\\/#primaryimage\"},\"thumbnailUrl\":\"https:\\\/\\\/foodtech.ac\\\/wp-content\\\/uploads\\\/2024\\\/03\\\/vegelio-fb.jpg\",\"datePublished\":\"2024-03-10T13:08:50+00:00\",\"dateModified\":\"2024-03-11T12:02:31+00:00\",\"description\":\"Chrupi\u0105ce i aromatyczne warzywa liofilizowane z zio\u0142ami, kt\u00f3re dodaj\u0105 g\u0142\u0119bi smaku i aromatu oraz przyprawami dope\u0142niaj\u0105cymi ca\u0142o\u015b\u0107 kompozycji. VegeLIO to idealna propozycja dla os\u00f3b, kt\u00f3re chc\u0105 si\u0119 zdrowo od\u017cywia\u0107, a jednocze\u015bnie ceni\u0105 sobie wygod\u0119 i \u0142atwo\u015b\u0107 przygotowywania posi\u0142k\u00f3w. Mieszanka wyst\u0119puje w formie kawa\u0142k\u00f3w i p\u0142atk\u00f3w, co pozwala na ich szybkie i \u0142atwe wykorzystanie w r\u00f3\u017cnorodnych daniach.\",\"breadcrumb\":{\"@id\":\"https:\\\/\\\/foodtech.ac\\\/pl\\\/vegelio\\\/#breadcrumb\"},\"inLanguage\":\"pl-PL\",\"potentialAction\":[{\"@type\":\"ReadAction\",\"target\":[\"https:\\\/\\\/foodtech.ac\\\/pl\\\/vegelio\\\/\"]}]},{\"@type\":\"ImageObject\",\"inLanguage\":\"pl-PL\",\"@id\":\"https:\\\/\\\/foodtech.ac\\\/pl\\\/vegelio\\\/#primaryimage\",\"url\":\"https:\\\/\\\/foodtech.ac\\\/wp-content\\\/uploads\\\/2024\\\/03\\\/vegelio-fb.jpg\",\"contentUrl\":\"https:\\\/\\\/foodtech.ac\\\/wp-content\\\/uploads\\\/2024\\\/03\\\/vegelio-fb.jpg\",\"width\":1200,\"height\":675,\"caption\":\"VegeLIO\"},{\"@type\":\"BreadcrumbList\",\"@id\":\"https:\\\/\\\/foodtech.ac\\\/pl\\\/vegelio\\\/#breadcrumb\",\"itemListElement\":[{\"@type\":\"ListItem\",\"position\":1,\"name\":\"Strona g\u0142\u00f3wna\",\"item\":\"https:\\\/\\\/foodtech.ac\\\/pl\\\/strona-glowna\\\/\"},{\"@type\":\"ListItem\",\"position\":2,\"name\":\"VegeLIO\"}]},{\"@type\":\"WebSite\",\"@id\":\"https:\\\/\\\/foodtech.ac\\\/pl\\\/#website\",\"url\":\"https:\\\/\\\/foodtech.ac\\\/pl\\\/\",\"name\":\"foodtech.ac\",\"description\":\"\",\"potentialAction\":[{\"@type\":\"SearchAction\",\"target\":{\"@type\":\"EntryPoint\",\"urlTemplate\":\"https:\\\/\\\/foodtech.ac\\\/pl\\\/?s={search_term_string}\"},\"query-input\":{\"@type\":\"PropertyValueSpecification\",\"valueRequired\":true,\"valueName\":\"search_term_string\"}}],\"inLanguage\":\"pl-PL\"}]}<\/script>\n<!-- \/ Yoast SEO plugin. -->","yoast_head_json":{"title":"VegeLIO - Porfolio startup\u00f3w foodtech.ac","description":"Chrupi\u0105ce i aromatyczne warzywa liofilizowane z zio\u0142ami, kt\u00f3re dodaj\u0105 g\u0142\u0119bi smaku i aromatu oraz przyprawami dope\u0142niaj\u0105cymi ca\u0142o\u015b\u0107 kompozycji. VegeLIO to idealna propozycja dla os\u00f3b, kt\u00f3re chc\u0105 si\u0119 zdrowo od\u017cywia\u0107, a jednocze\u015bnie ceni\u0105 sobie wygod\u0119 i \u0142atwo\u015b\u0107 przygotowywania posi\u0142k\u00f3w. Mieszanka wyst\u0119puje w formie kawa\u0142k\u00f3w i p\u0142atk\u00f3w, co pozwala na ich szybkie i \u0142atwe wykorzystanie w r\u00f3\u017cnorodnych daniach.","robots":{"index":"index","follow":"follow","max-snippet":"max-snippet:-1","max-image-preview":"max-image-preview:large","max-video-preview":"max-video-preview:-1"},"canonical":"https:\/\/foodtech.ac\/pl\/vegelio\/","og_locale":"pl_PL","og_type":"article","og_title":"VegeLIO - Porfolio startup\u00f3w foodtech.ac","og_description":"Chrupi\u0105ce i aromatyczne warzywa liofilizowane z zio\u0142ami, kt\u00f3re dodaj\u0105 g\u0142\u0119bi smaku i aromatu oraz przyprawami dope\u0142niaj\u0105cymi ca\u0142o\u015b\u0107 kompozycji. VegeLIO to idealna propozycja dla os\u00f3b, kt\u00f3re chc\u0105 si\u0119 zdrowo od\u017cywia\u0107, a jednocze\u015bnie ceni\u0105 sobie wygod\u0119 i \u0142atwo\u015b\u0107 przygotowywania posi\u0142k\u00f3w. Mieszanka wyst\u0119puje w formie kawa\u0142k\u00f3w i p\u0142atk\u00f3w, co pozwala na ich szybkie i \u0142atwe wykorzystanie w r\u00f3\u017cnorodnych daniach.","og_url":"https:\/\/foodtech.ac\/pl\/vegelio\/","og_site_name":"foodtech.ac","article_modified_time":"2024-03-11T12:02:31+00:00","og_image":[{"width":1200,"height":675,"url":"https:\/\/foodtech.ac\/wp-content\/uploads\/2024\/03\/vegelio-fb.jpg","type":"image\/jpeg"}],"twitter_card":"summary_large_image","twitter_misc":{"Szacowany czas czytania":"2 minuty"},"schema":{"@context":"https:\/\/schema.org","@graph":[{"@type":"WebPage","@id":"https:\/\/foodtech.ac\/pl\/vegelio\/","url":"https:\/\/foodtech.ac\/pl\/vegelio\/","name":"VegeLIO - Porfolio startup\u00f3w foodtech.ac","isPartOf":{"@id":"https:\/\/foodtech.ac\/pl\/#website"},"primaryImageOfPage":{"@id":"https:\/\/foodtech.ac\/pl\/vegelio\/#primaryimage"},"image":{"@id":"https:\/\/foodtech.ac\/pl\/vegelio\/#primaryimage"},"thumbnailUrl":"https:\/\/foodtech.ac\/wp-content\/uploads\/2024\/03\/vegelio-fb.jpg","datePublished":"2024-03-10T13:08:50+00:00","dateModified":"2024-03-11T12:02:31+00:00","description":"Chrupi\u0105ce i aromatyczne warzywa liofilizowane z zio\u0142ami, kt\u00f3re dodaj\u0105 g\u0142\u0119bi smaku i aromatu oraz przyprawami dope\u0142niaj\u0105cymi ca\u0142o\u015b\u0107 kompozycji. VegeLIO to idealna propozycja dla os\u00f3b, kt\u00f3re chc\u0105 si\u0119 zdrowo od\u017cywia\u0107, a jednocze\u015bnie ceni\u0105 sobie wygod\u0119 i \u0142atwo\u015b\u0107 przygotowywania posi\u0142k\u00f3w. Mieszanka wyst\u0119puje w formie kawa\u0142k\u00f3w i p\u0142atk\u00f3w, co pozwala na ich szybkie i \u0142atwe wykorzystanie w r\u00f3\u017cnorodnych daniach.","breadcrumb":{"@id":"https:\/\/foodtech.ac\/pl\/vegelio\/#breadcrumb"},"inLanguage":"pl-PL","potentialAction":[{"@type":"ReadAction","target":["https:\/\/foodtech.ac\/pl\/vegelio\/"]}]},{"@type":"ImageObject","inLanguage":"pl-PL","@id":"https:\/\/foodtech.ac\/pl\/vegelio\/#primaryimage","url":"https:\/\/foodtech.ac\/wp-content\/uploads\/2024\/03\/vegelio-fb.jpg","contentUrl":"https:\/\/foodtech.ac\/wp-content\/uploads\/2024\/03\/vegelio-fb.jpg","width":1200,"height":675,"caption":"VegeLIO"},{"@type":"BreadcrumbList","@id":"https:\/\/foodtech.ac\/pl\/vegelio\/#breadcrumb","itemListElement":[{"@type":"ListItem","position":1,"name":"Strona g\u0142\u00f3wna","item":"https:\/\/foodtech.ac\/pl\/strona-glowna\/"},{"@type":"ListItem","position":2,"name":"VegeLIO"}]},{"@type":"WebSite","@id":"https:\/\/foodtech.ac\/pl\/#website","url":"https:\/\/foodtech.ac\/pl\/","name":"foodtech.ac","description":"","potentialAction":[{"@type":"SearchAction","target":{"@type":"EntryPoint","urlTemplate":"https:\/\/foodtech.ac\/pl\/?s={search_term_string}"},"query-input":{"@type":"PropertyValueSpecification","valueRequired":true,"valueName":"search_term_string"}}],"inLanguage":"pl-PL"}]}},"_links":{"self":[{"href":"https:\/\/foodtech.ac\/pl\/wp-json\/wp\/v2\/pages\/4065","targetHints":{"allow":["GET"]}}],"collection":[{"href":"https:\/\/foodtech.ac\/pl\/wp-json\/wp\/v2\/pages"}],"about":[{"href":"https:\/\/foodtech.ac\/pl\/wp-json\/wp\/v2\/types\/page"}],"author":[{"embeddable":true,"href":"https:\/\/foodtech.ac\/pl\/wp-json\/wp\/v2\/users\/1"}],"replies":[{"embeddable":true,"href":"https:\/\/foodtech.ac\/pl\/wp-json\/wp\/v2\/comments?post=4065"}],"version-history":[{"count":0,"href":"https:\/\/foodtech.ac\/pl\/wp-json\/wp\/v2\/pages\/4065\/revisions"}],"wp:featuredmedia":[{"embeddable":true,"href":"https:\/\/foodtech.ac\/pl\/wp-json\/wp\/v2\/media\/4055"}],"wp:attachment":[{"href":"https:\/\/foodtech.ac\/pl\/wp-json\/wp\/v2\/media?parent=4065"}],"curies":[{"name":"wp","href":"https:\/\/api.w.org\/{rel}","templated":true}]}}